{"id":5730,"date":"2024-02-07T12:29:14","date_gmt":"2024-02-07T15:29:14","guid":{"rendered":"https:\/\/fasiluminacao.com.br\/?post_type=designers&#038;p=5730"},"modified":"2024-02-20T10:36:17","modified_gmt":"2024-02-20T13:36:17","slug":"enric-soria-jordi-garces","status":"publish","type":"designers","link":"https:\/\/fasiluminacao.com.br\/en\/designers\/enric-soria-jordi-garces\/","title":{"rendered":"Enric S\u00f2ria, Jordi Garc\u00e9s"},"content":{"rendered":"\n<p>Jordi Garc\u00e9s conheceu Enric S\u00f2ria no est\u00fadio de Oriol Bohigas, onde os dois lan\u00e7aram as bases do racionalismo na Espanha e trabalharam juntos na concep\u00e7\u00e3o de in\u00fameros projetos c\u00edvicos para a cidade de Barcelona. Entre eles est\u00e3o o projeto do Centro Esportivo Vall d\u2019Hebr\u00f3n (1991), pelo qual ganharam o pr\u00eamio de arquitetura FAD, e o Rubi\u00f3 i Balaguer Agora da Universidade Pompeu Fabra. Seu trabalho mais recente \u00e9 a extens\u00e3o do Museu Picasso em 2010. Jordi Garc\u00e9s tamb\u00e9m lecionou em escolas renomadas em Barcelona (como ETSAB ou EINA) e no exterior.<\/p>\n\n\n\n<p>Nascido em 1945, Jordi Garc\u00e9s formou-se na Escola de Arquitetura de Barcelona (ETSAB) em 1970. Enquanto estudava, trabalhou no est\u00fadio de Oriol Bohigas, onde conheceu Enric S\u00f2ria com quem colaborou at\u00e9 1996. Juntos, lan\u00e7aram as bases do racionalismo, defendendo a geometria da arquitetura e as funcionalidades da sua composi\u00e7\u00e3o. Entre seus primeiros projetos, destacam-se os projetos de museus, incluindo a convers\u00e3o do antigo asilo Santa Luc\u00eda no museu de ci\u00eancias CosmoCaixa (1978-1980) e o projeto do Museu Picasso (1981-1987). Posteriormente, envolveram-se em projetos culturais e esportivos como o de Vall d\u2019Hebr\u00f3n (1990-1991), pelo qual conquistaram o Pr\u00eamio FAD de Arquitetura em 1991. A parceria projetou tamb\u00e9m os cinemas IMAX (1993-1994) e o Agora Rubi\u00f3 i Balaguer no campus Ciutadella da Universidade Pompeu Fabra em 1994, vencendo o Pr\u00eamio Cidade de Barcelona de Arquitetura e Urbanismo em 1996.<\/p>\n\n\n\n<p>Nos prim\u00f3rdios da parceria Garc\u00e9s-S\u00f2ria, conceberam o candeeiro de mesa Sylvestrina , um candeeiro de \u00f3leo electrificado com cabo e interruptor. A Sylvestrina \u00e9 considerada um cl\u00e1ssico do design e em 2019 a Santa &#038; Cole a editou, transformando-a em uma lumin\u00e1ria port\u00e1til equipada com bateria recarreg\u00e1vel.<\/p>\n\n\n\n<p>Jordi Garc\u00e9s tamb\u00e9m se envolveu com a educa\u00e7\u00e3o, ministrando cursos de projeto arquitet\u00f4nico na EINA de 1971 a 1973 e na ETSAB de 1975 a 2015. Em 1987, Garc\u00e9s recebeu o doutorado em Arquitetura pela Universidade Polit\u00e9cnica da Catalunha (atual BarcelonaTech), onde esteve professor de projetos desde 1990. Internacionalmente, Garc\u00e9s foi professor visitante na \u00c9cole Polyt\u00e9chnique F\u00e9d\u00e9rale de Lausanne (Su\u00ed\u00e7a).<\/p>\n\n\n\n<p>Em 2010, Jordi Garc\u00e9s projetou a extens\u00e3o do Museu Picasso que ele havia reformado 30 anos antes. Atualmente trabalha em um est\u00fadio de arquitetura onde projeta infraestruturas p\u00fablicas e outros edif\u00edcios, incluindo esta\u00e7\u00f5es de metr\u00f4, centros c\u00edvicos e escolas, na Espanha e no exterior.<\/p>\n","protected":false},"featured_media":0,"template":"","class_list":["post-5730","designers","type-designers","status-publish","hentry"],"acf":[],"_links":{"self":[{"href":"https:\/\/fasiluminacao.com.br\/en\/wp-json\/wp\/v2\/designers\/5730","targetHints":{"allow":["GET"]}}],"collection":[{"href":"https:\/\/fasiluminacao.com.br\/en\/wp-json\/wp\/v2\/designers"}],"about":[{"href":"https:\/\/fasiluminacao.com.br\/en\/wp-json\/wp\/v2\/types\/designers"}],"wp:attachment":[{"href":"https:\/\/fasiluminacao.com.br\/en\/wp-json\/wp\/v2\/media?parent=5730"}],"curies":[{"name":"wp","href":"https:\/\/api.w.org\/{rel}","templated":true}]}}