{"id":5722,"date":"2024-02-06T18:55:55","date_gmt":"2024-02-06T21:55:55","guid":{"rendered":"https:\/\/fasiluminacao.com.br\/?post_type=designers&#038;p=5722"},"modified":"2024-02-20T10:46:42","modified_gmt":"2024-02-20T13:46:42","slug":"antoni-de-moragas-gallissa","status":"publish","type":"designers","link":"https:\/\/fasiluminacao.com.br\/en\/designers\/antoni-de-moragas-gallissa\/","title":{"rendered":"Antoni de Moragas Galliss\u00e0"},"content":{"rendered":"\n<p>Antoni de Moragas Galliss\u00e0 esteve na vanguarda da renova\u00e7\u00e3o arquitet\u00f4nica nos anos do p\u00f3s-guerra espanhol. Seus m\u00f3veis se tornaram cl\u00e1ssicos do design. Moragas aceitou os princ\u00edpios do Racionalismo, mas acrescentou um calor pessoal \u00e0 rela\u00e7\u00e3o entre prop\u00f3sito e forma.<\/p>\n\n\n\n<p>Antoni de Moragas Galliss\u00e0 nasceu em Barcelona, \u200b\u200bonde passou a estudar e trabalhar como arquiteto em uma \u00e9poca em que a Espanha estava atrasada em rela\u00e7\u00e3o a outros pa\u00edses ocidentais, tanto intelectual quanto industrialmente. Em 1949 fundou o Club 49, grupo interessado em estabelecer la\u00e7os com a vanguarda europeia e americana da \u00e9poca.<\/p>\n\n\n\n<p>Em 1957, ap\u00f3s institucionalizar o Club 49 como Grupo R, Antoni de Moragas come\u00e7ou a fomentar a reforma arquitet\u00f4nica e o design industrial de Barcelona. O n\u00famero desses projetos come\u00e7ou a aumentar e os debates foram alimentados como parte da nova disciplina de desenho industrial, lan\u00e7ando a Associa\u00e7\u00e3o Espanhola de Desenho Industrial (ADI-FAD) em 1960. Entre seus fundadores estavam Antoni de Moragas, Miguel Mil\u00e1 , Andr\u00e9 Ricarde Rafael Marquina, e Moragas foi seu primeiro presidente. Ele tamb\u00e9m assumiu outras fun\u00e7\u00f5es de representa\u00e7\u00e3o coletiva e escreveu artigos de reflex\u00e3o e cr\u00edtica, como \u201cDez anos de arquitetura do Grupo R\u201d ou \u201cValores revisitados\u201d (ambos apresentados no primeiro volume da cole\u00e7\u00e3o \u201cDesign Classics\u201d de Santa &#038; Cole) . At\u00e9 hoje, ADI-FAD permanece um farol para o mundo do design, incorporando projetos de v\u00e1rios artistas, agora publicados pela Santa &#038; Cole.<\/p>\n\n\n\n<p>As cria\u00e7\u00f5es de Moragas no campo do design, incluindo o abajur e a poltrona Moragas , ambos do cat\u00e1logo atual da Santa &#038; Cole, est\u00e3o expostas no concurso Por la Dignificaci\u00f3n del Hogar Popular (1954) e no edif\u00edcio Brusi-San El\u00edas em Barcelona (1967-1970). O seu estilo de design \u00e9 uma mistura de funcionalidade e caracter\u00edsticas n\u00f3rdicas, inspirado no famoso arquitecto finland\u00eas Alvar Aalto, com quem teve uma rela\u00e7\u00e3o estreita nos anos 1950. Seus projetos arquitet\u00f4nicos incluem a reforma dos cinemas F\u00e9mina, Arenas e Liceo, al\u00e9m de v\u00e1rias resid\u00eancias em Barcelona.<\/p>\n\n\n\n<p>Moragas aceitou os princ\u00edpios do Racionalismo, adicionando um calor pessoal \u00e0 rela\u00e7\u00e3o entre prop\u00f3sito e forma. Hoje, seus m\u00f3veis s\u00e3o considerados cl\u00e1ssicos do design, voltados para a produ\u00e7\u00e3o industrializada, ainda que inicialmente feitos \u00e0 m\u00e3o em s\u00e9ries limitadas. \u201cO artesanato morreu para dar lugar ao Design (\u2026) O artes\u00e3o usou seu instinto para guiar seu trabalho, enquanto o designer industrial usa a raz\u00e3o para guiar seus planos\u201d , escreveu em seus di\u00e1rios de 1961.<\/p>\n\n\n\n<p>Santa &#038; Cole apresenta uma vis\u00e3o geral das premissas b\u00e1sicas do pensamento de Moragas em um livro que leva seu nome, que recapitula sua carreira. Antoni de Moragas \u00e9 uma figura de inquestion\u00e1vel import\u00e2ncia no desenvolvimento de 20 th s\u00e9culo arquitetura catal\u00e3, planejamento urbano e design.<\/p>\n","protected":false},"featured_media":0,"template":"","class_list":["post-5722","designers","type-designers","status-publish","hentry"],"acf":[],"_links":{"self":[{"href":"https:\/\/fasiluminacao.com.br\/en\/wp-json\/wp\/v2\/designers\/5722","targetHints":{"allow":["GET"]}}],"collection":[{"href":"https:\/\/fasiluminacao.com.br\/en\/wp-json\/wp\/v2\/designers"}],"about":[{"href":"https:\/\/fasiluminacao.com.br\/en\/wp-json\/wp\/v2\/types\/designers"}],"wp:attachment":[{"href":"https:\/\/fasiluminacao.com.br\/en\/wp-json\/wp\/v2\/media?parent=5722"}],"curies":[{"name":"wp","href":"https:\/\/api.w.org\/{rel}","templated":true}]}}